{"id":28,"date":"2022-12-06T22:22:05","date_gmt":"2022-12-06T21:22:05","guid":{"rendered":"http:\/\/lesterriblesenfants.com\/?page_id=28"},"modified":"2026-01-16T04:24:49","modified_gmt":"2026-01-16T03:24:49","slug":"a-propos-de","status":"publish","type":"page","link":"https:\/\/lesterriblesenfants.com\/?page_id=28","title":{"rendered":"\u00c9crits and co"},"content":{"rendered":"\n<p>Un premier roman \u00ab\u00a0Mea Culpa\u00a0\u00bb qui n&rsquo;a pas trouv\u00e9 d&rsquo;\u00e9diteur, un second qui en a trouv\u00e9 un \u00ab\u00a0Quand le temps s&rsquo;arr\u00eate, rien ne change&#8230;\u00a0\u00bb, le troisi\u00e8me \u00e0 vu le jour en 2024 \u00ab\u00a0La vraie histoire de mohamED\u00a0\u00bb. Bient\u00f4t un roman sur Meslier, un livre d&rsquo;aphorismes et un bouquin sur la pratique sportive chez les jeunes&#8230; Au boulot !<\/p>\n\n\n\n<figure class=\"wp-block-gallery has-nested-images columns-default is-cropped wp-block-gallery-1 is-layout-flex wp-block-gallery-is-layout-flex\">\n<figure class=\"wp-block-image size-large\"><img loading=\"lazy\" decoding=\"async\" width=\"291\" height=\"1024\" data-id=\"123\" src=\"https:\/\/lesterriblesenfants.com\/wp-content\/uploads\/2022\/12\/Article-de-presse-le-vif-291x1024.jpg\" alt=\"\" class=\"wp-image-123\" srcset=\"https:\/\/lesterriblesenfants.com\/wp-content\/uploads\/2022\/12\/Article-de-presse-le-vif-291x1024.jpg 291w, https:\/\/lesterriblesenfants.com\/wp-content\/uploads\/2022\/12\/Article-de-presse-le-vif-85x300.jpg 85w, https:\/\/lesterriblesenfants.com\/wp-content\/uploads\/2022\/12\/Article-de-presse-le-vif-436x1536.jpg 436w, https:\/\/lesterriblesenfants.com\/wp-content\/uploads\/2022\/12\/Article-de-presse-le-vif.jpg 439w\" sizes=\"auto, (max-width: 291px) 100vw, 291px\" \/><\/figure>\n<\/figure>\n\n\n\n<p>Une dizaine de spectacles, dont une belle \u00e9dition chez ADEN.<br><\/p>\n\n\n\n<figure class=\"wp-block-image size-full\"><img loading=\"lazy\" decoding=\"async\" width=\"800\" height=\"576\" src=\"https:\/\/lesterriblesenfants.com\/wp-content\/uploads\/2022\/12\/COUV_Livre_La_bonne_parole_Meslier.jpg\" alt=\"\" class=\"wp-image-125\" srcset=\"https:\/\/lesterriblesenfants.com\/wp-content\/uploads\/2022\/12\/COUV_Livre_La_bonne_parole_Meslier.jpg 800w, https:\/\/lesterriblesenfants.com\/wp-content\/uploads\/2022\/12\/COUV_Livre_La_bonne_parole_Meslier-300x216.jpg 300w, https:\/\/lesterriblesenfants.com\/wp-content\/uploads\/2022\/12\/COUV_Livre_La_bonne_parole_Meslier-768x553.jpg 768w\" sizes=\"auto, (max-width: 767px) 89vw, (max-width: 1000px) 54vw, (max-width: 1071px) 543px, 580px\" \/><\/figure>\n\n\n\n<p><br><\/p>\n\n\n\n<p><\/p>\n\n\n\n<h1 class=\"wp-block-heading\"><strong>Derni\u00e8re sortie <\/strong><br><br>Un \u00ab\u00a0road trip\u00a0\u00bb \u00bb sur le parcours tumultueux d\u2019Ed, un\u00a0tunisien qui, pour ne pas perdre la vie, a d\u00fb fuir son pays. Et qui, une fois ici, a vu les m\u00eames reflets que l\u00e0-bas&#8230;<\/h1>\n\n\n\n<figure class=\"wp-block-image size-large\"><img loading=\"lazy\" decoding=\"async\" width=\"640\" height=\"1024\" src=\"https:\/\/lesterriblesenfants.com\/wp-content\/uploads\/2024\/06\/JACOBS-Jean-Francois-Lhistoire-vraie-de-mohamEd-C1-640x1024.jpg\" alt=\"\" class=\"wp-image-159\" srcset=\"https:\/\/lesterriblesenfants.com\/wp-content\/uploads\/2024\/06\/JACOBS-Jean-Francois-Lhistoire-vraie-de-mohamEd-C1-640x1024.jpg 640w, https:\/\/lesterriblesenfants.com\/wp-content\/uploads\/2024\/06\/JACOBS-Jean-Francois-Lhistoire-vraie-de-mohamEd-C1-188x300.jpg 188w, https:\/\/lesterriblesenfants.com\/wp-content\/uploads\/2024\/06\/JACOBS-Jean-Francois-Lhistoire-vraie-de-mohamEd-C1-768x1229.jpg 768w, https:\/\/lesterriblesenfants.com\/wp-content\/uploads\/2024\/06\/JACOBS-Jean-Francois-Lhistoire-vraie-de-mohamEd-C1-960x1536.jpg 960w, https:\/\/lesterriblesenfants.com\/wp-content\/uploads\/2024\/06\/JACOBS-Jean-Francois-Lhistoire-vraie-de-mohamEd-C1-1280x2048.jpg 1280w, https:\/\/lesterriblesenfants.com\/wp-content\/uploads\/2024\/06\/JACOBS-Jean-Francois-Lhistoire-vraie-de-mohamEd-C1-scaled.jpg 1600w\" sizes=\"auto, (max-width: 640px) 100vw, 640px\" \/><\/figure>\n\n\n\n<figure class=\"wp-block-image size-large\"><img loading=\"lazy\" decoding=\"async\" width=\"640\" height=\"1024\" src=\"https:\/\/lesterriblesenfants.com\/wp-content\/uploads\/2024\/06\/JACOBS-Jean-Francois-Lhistoire-vraie-de-mohamEd-C4-640x1024.jpg\" alt=\"\" class=\"wp-image-162\" srcset=\"https:\/\/lesterriblesenfants.com\/wp-content\/uploads\/2024\/06\/JACOBS-Jean-Francois-Lhistoire-vraie-de-mohamEd-C4-640x1024.jpg 640w, https:\/\/lesterriblesenfants.com\/wp-content\/uploads\/2024\/06\/JACOBS-Jean-Francois-Lhistoire-vraie-de-mohamEd-C4-188x300.jpg 188w, https:\/\/lesterriblesenfants.com\/wp-content\/uploads\/2024\/06\/JACOBS-Jean-Francois-Lhistoire-vraie-de-mohamEd-C4-768x1229.jpg 768w, https:\/\/lesterriblesenfants.com\/wp-content\/uploads\/2024\/06\/JACOBS-Jean-Francois-Lhistoire-vraie-de-mohamEd-C4-960x1536.jpg 960w, https:\/\/lesterriblesenfants.com\/wp-content\/uploads\/2024\/06\/JACOBS-Jean-Francois-Lhistoire-vraie-de-mohamEd-C4-1280x2048.jpg 1280w, https:\/\/lesterriblesenfants.com\/wp-content\/uploads\/2024\/06\/JACOBS-Jean-Francois-Lhistoire-vraie-de-mohamEd-C4-scaled.jpg 1600w\" sizes=\"auto, (max-width: 640px) 100vw, 640px\" \/><\/figure>\n\n\n\n<p>Pour commander ce livre, c&rsquo;est ici : <a href=\"https:\/\/www.librairiecorsaire.com\/\" data-type=\"link\" data-id=\"https:\/\/www.librairiecorsaire.com\/\">https:\/\/www.librairiecorsaire.com\/<\/a><\/p>\n\n\n\n<p><\/p>\n\n\n\n<p><strong>Retours presse :<\/strong><strong><\/strong><\/p>\n\n\n\n<p><strong>Espaces des libert\u00e9s (presse \u00e9crite)<\/strong><\/p>\n\n\n\n<figure class=\"wp-block-embed is-type-wp-embed is-provider-espace-de-libert-s-le-magazine-du-centre-daction-la-que wp-block-embed-espace-de-libert-s-le-magazine-du-centre-daction-la-que\"><div class=\"wp-block-embed__wrapper\">\n<blockquote class=\"wp-embedded-content\" data-secret=\"uGwuVxCKBL\"><a href=\"https:\/\/edl.laicite.be\/un-nouveau-nom-pour-refuge\/\">Un nouveau nom pour refuge<\/a><\/blockquote><iframe loading=\"lazy\" class=\"wp-embedded-content\" sandbox=\"allow-scripts\" security=\"restricted\" style=\"position: absolute; visibility: hidden;\" title=\"\u00ab\u00a0Un nouveau nom pour refuge\u00a0\u00bb &#8212; Espace de libert\u00e9s \u00b7 le magazine du Centre d\u2019Action La\u00efque\" src=\"https:\/\/edl.laicite.be\/un-nouveau-nom-pour-refuge\/embed\/#?secret=CSYJ5k7lHW#?secret=uGwuVxCKBL\" data-secret=\"uGwuVxCKBL\" width=\"525\" height=\"296\" frameborder=\"0\" marginwidth=\"0\" marginheight=\"0\" scrolling=\"no\"><\/iframe>\n<\/div><\/figure>\n\n\n\n<p><strong>Les belles phrases (blog-notes litt\u00e9raire)<\/strong><\/p>\n\n\n\n<figure class=\"wp-block-embed is-type-wp-embed is-provider-les-belles-phrases wp-block-embed-les-belles-phrases\"><div class=\"wp-block-embed__wrapper\">\n<blockquote class=\"wp-embedded-content\" data-secret=\"3dEFeI22uM\"><a href=\"https:\/\/lesbellesphrases264473161.wordpress.com\/2025\/05\/31\/les-lectures-dedi-phil-55-juin-25-special-edern-coup-de-projo-sur-le-monde-des-lettres-belges\/\">LES LECTURES d&rsquo;\u00c9DI-PHIL #55 (Juin 25) SP\u00c9CIAL EDERN &#8211; COUP DE PROJO SUR LE MONDE DES LETTRES&nbsp;BELGES<\/a><\/blockquote><iframe loading=\"lazy\" class=\"wp-embedded-content\" sandbox=\"allow-scripts\" security=\"restricted\" style=\"position: absolute; visibility: hidden;\" title=\"&laquo;&nbsp;LES LECTURES d&rsquo;\u00c9DI-PHIL #55 (Juin 25) SP\u00c9CIAL EDERN &#8211; COUP DE PROJO SUR LE MONDE DES LETTRES&nbsp;BELGES&nbsp;&raquo; &#8212; LES BELLES PHRASES\" src=\"https:\/\/lesbellesphrases264473161.wordpress.com\/2025\/05\/31\/les-lectures-dedi-phil-55-juin-25-special-edern-coup-de-projo-sur-le-monde-des-lettres-belges\/embed\/#?secret=DWb0tQJ7Sf#?secret=3dEFeI22uM\" data-secret=\"3dEFeI22uM\" width=\"525\" height=\"296\" frameborder=\"0\" marginwidth=\"0\" marginheight=\"0\" scrolling=\"no\"><\/iframe>\n<\/div><\/figure>\n\n\n\n<p><strong>Canal Zoom (nvit\u2019&amp;Vous, interview t\u00e9l\u00e9)<\/strong><\/p>\n\n\n\n<p><\/p>\n\n\n\n<p><a href=\"https:\/\/www.canalzoom.be\/replay\/emission\/invitvous\/invitvous-jean-francois-jacobs\/17692\">https:\/\/www.canalzoom.be\/replay\/emission\/invitvous\/invitvous-jean-francois-jacobs\/17692<\/a><\/p>\n\n\n\n<figure class=\"wp-block-image size-large\"><img loading=\"lazy\" decoding=\"async\" width=\"1024\" height=\"506\" src=\"https:\/\/lesterriblesenfants.com\/wp-content\/uploads\/2026\/01\/Capture-decran-2026-01-16-a-04.20.54-1024x506.png\" alt=\"\" class=\"wp-image-169\" srcset=\"https:\/\/lesterriblesenfants.com\/wp-content\/uploads\/2026\/01\/Capture-decran-2026-01-16-a-04.20.54-1024x506.png 1024w, https:\/\/lesterriblesenfants.com\/wp-content\/uploads\/2026\/01\/Capture-decran-2026-01-16-a-04.20.54-300x148.png 300w, https:\/\/lesterriblesenfants.com\/wp-content\/uploads\/2026\/01\/Capture-decran-2026-01-16-a-04.20.54-768x379.png 768w, https:\/\/lesterriblesenfants.com\/wp-content\/uploads\/2026\/01\/Capture-decran-2026-01-16-a-04.20.54-1536x759.png 1536w, https:\/\/lesterriblesenfants.com\/wp-content\/uploads\/2026\/01\/Capture-decran-2026-01-16-a-04.20.54-2048x1012.png 2048w\" sizes=\"auto, (max-width: 767px) 89vw, (max-width: 1000px) 54vw, (max-width: 1071px) 543px, 580px\" \/><\/figure>\n","protected":false},"excerpt":{"rendered":"<p>Un premier roman \u00ab\u00a0Mea Culpa\u00a0\u00bb qui n&rsquo;a pas trouv\u00e9 d&rsquo;\u00e9diteur, un second qui en a trouv\u00e9 un \u00ab\u00a0Quand le temps s&rsquo;arr\u00eate, rien ne change&#8230;\u00a0\u00bb, le troisi\u00e8me \u00e0 vu le jour en 2024 \u00ab\u00a0La vraie histoire de mohamED\u00a0\u00bb. Bient\u00f4t un roman sur Meslier, un livre d&rsquo;aphorismes et un bouquin sur la pratique sportive chez les jeunes&#8230; &hellip; <\/p>\n<p class=\"link-more\"><a href=\"https:\/\/lesterriblesenfants.com\/?page_id=28\" class=\"more-link\">Continuer la lecture<span class=\"screen-reader-text\"> de &laquo;&nbsp;\u00c9crits and co&nbsp;&raquo;<\/span><\/a><\/p>\n","protected":false},"author":1,"featured_media":97,"parent":0,"menu_order":0,"comment_status":"closed","ping_status":"closed","template":"","meta":{"footnotes":""},"class_list":["post-28","page","type-page","status-publish","has-post-thumbnail","hentry"],"yoast_head":"<!-- This site is optimized with the Yoast SEO plugin v26.7 - https:\/\/yoast.com\/wordpress\/plugins\/seo\/ -->\n<title>\u00c9crits and co - Les Terribles Enfants<\/title>\n<meta name=\"robots\" content=\"index, follow, max-snippet:-1, max-image-preview:large, max-video-preview:-1\" \/>\n<link rel=\"canonical\" href=\"https:\/\/lesterriblesenfants.com\/?page_id=28\" \/>\n<meta property=\"og:locale\" content=\"fr_FR\" \/>\n<meta property=\"og:type\" content=\"article\" \/>\n<meta property=\"og:title\" content=\"\u00c9crits and co - Les Terribles Enfants\" \/>\n<meta property=\"og:description\" content=\"Un premier roman \u00ab\u00a0Mea Culpa\u00a0\u00bb qui n&rsquo;a pas trouv\u00e9 d&rsquo;\u00e9diteur, un second qui en a trouv\u00e9 un \u00ab\u00a0Quand le temps s&rsquo;arr\u00eate, rien ne change&#8230;\u00a0\u00bb, le troisi\u00e8me \u00e0 vu le jour en 2024 \u00ab\u00a0La vraie histoire de mohamED\u00a0\u00bb. Bient\u00f4t un roman sur Meslier, un livre d&rsquo;aphorismes et un bouquin sur la pratique sportive chez les jeunes&#8230; &hellip; Continuer la lecture de &laquo;&nbsp;\u00c9crits and co&nbsp;&raquo;\" \/>\n<meta property=\"og:url\" content=\"https:\/\/lesterriblesenfants.com\/?page_id=28\" \/>\n<meta property=\"og:site_name\" content=\"Les Terribles Enfants\" \/>\n<meta property=\"article:publisher\" content=\"https:\/\/www.facebook.com\/bernarbernard\" \/>\n<meta property=\"article:modified_time\" content=\"2026-01-16T03:24:49+00:00\" \/>\n<meta property=\"og:image\" content=\"https:\/\/lesterriblesenfants.com\/wp-content\/uploads\/2022\/12\/Collage-site-page-ecriture-scaled.jpg\" \/>\n\t<meta property=\"og:image:width\" content=\"2560\" \/>\n\t<meta property=\"og:image:height\" content=\"1920\" \/>\n\t<meta property=\"og:image:type\" content=\"image\/jpeg\" \/>\n<meta name=\"twitter:card\" content=\"summary_large_image\" \/>\n<meta name=\"twitter:label1\" content=\"Dur\u00e9e de lecture estim\u00e9e\" \/>\n\t<meta name=\"twitter:data1\" content=\"1 minute\" \/>\n<script type=\"application\/ld+json\" class=\"yoast-schema-graph\">{\"@context\":\"https:\/\/schema.org\",\"@graph\":[{\"@type\":\"WebPage\",\"@id\":\"https:\/\/lesterriblesenfants.com\/?page_id=28\",\"url\":\"https:\/\/lesterriblesenfants.com\/?page_id=28\",\"name\":\"\u00c9crits and co - Les Terribles Enfants\",\"isPartOf\":{\"@id\":\"https:\/\/lesterriblesenfants.com\/#website\"},\"primaryImageOfPage\":{\"@id\":\"https:\/\/lesterriblesenfants.com\/?page_id=28#primaryimage\"},\"image\":{\"@id\":\"https:\/\/lesterriblesenfants.com\/?page_id=28#primaryimage\"},\"thumbnailUrl\":\"https:\/\/lesterriblesenfants.com\/wp-content\/uploads\/2022\/12\/Collage-site-page-ecriture-scaled.jpg\",\"datePublished\":\"2022-12-06T21:22:05+00:00\",\"dateModified\":\"2026-01-16T03:24:49+00:00\",\"breadcrumb\":{\"@id\":\"https:\/\/lesterriblesenfants.com\/?page_id=28#breadcrumb\"},\"inLanguage\":\"fr-FR\",\"potentialAction\":[{\"@type\":\"ReadAction\",\"target\":[\"https:\/\/lesterriblesenfants.com\/?page_id=28\"]}]},{\"@type\":\"ImageObject\",\"inLanguage\":\"fr-FR\",\"@id\":\"https:\/\/lesterriblesenfants.com\/?page_id=28#primaryimage\",\"url\":\"https:\/\/lesterriblesenfants.com\/wp-content\/uploads\/2022\/12\/Collage-site-page-ecriture-scaled.jpg\",\"contentUrl\":\"https:\/\/lesterriblesenfants.com\/wp-content\/uploads\/2022\/12\/Collage-site-page-ecriture-scaled.jpg\",\"width\":2560,\"height\":1920},{\"@type\":\"BreadcrumbList\",\"@id\":\"https:\/\/lesterriblesenfants.com\/?page_id=28#breadcrumb\",\"itemListElement\":[{\"@type\":\"ListItem\",\"position\":1,\"name\":\"Accueil\",\"item\":\"https:\/\/lesterriblesenfants.com\/\"},{\"@type\":\"ListItem\",\"position\":2,\"name\":\"\u00c9crits and co\"}]},{\"@type\":\"WebSite\",\"@id\":\"https:\/\/lesterriblesenfants.com\/#website\",\"url\":\"https:\/\/lesterriblesenfants.com\/\",\"name\":\"Les Terribles Enfants\",\"description\":\"Jean-Fran\u00e7ois Jacobs - Auteur, metteur en sc\u00e8ne et artiste conceptuel.\",\"publisher\":{\"@id\":\"https:\/\/lesterriblesenfants.com\/#organization\"},\"potentialAction\":[{\"@type\":\"SearchAction\",\"target\":{\"@type\":\"EntryPoint\",\"urlTemplate\":\"https:\/\/lesterriblesenfants.com\/?s={search_term_string}\"},\"query-input\":{\"@type\":\"PropertyValueSpecification\",\"valueRequired\":true,\"valueName\":\"search_term_string\"}}],\"inLanguage\":\"fr-FR\"},{\"@type\":\"Organization\",\"@id\":\"https:\/\/lesterriblesenfants.com\/#organization\",\"name\":\"Les Terribles Enfants - Jean-Fran\u00e7ois Jacobs\",\"url\":\"https:\/\/lesterriblesenfants.com\/\",\"logo\":{\"@type\":\"ImageObject\",\"inLanguage\":\"fr-FR\",\"@id\":\"https:\/\/lesterriblesenfants.com\/#\/schema\/logo\/image\/\",\"url\":\"https:\/\/lesterriblesenfants.com\/wp-content\/uploads\/2022\/12\/Logo-TE-orange-1.jpg\",\"contentUrl\":\"https:\/\/lesterriblesenfants.com\/wp-content\/uploads\/2022\/12\/Logo-TE-orange-1.jpg\",\"width\":1890,\"height\":2382,\"caption\":\"Les Terribles Enfants - Jean-Fran\u00e7ois Jacobs\"},\"image\":{\"@id\":\"https:\/\/lesterriblesenfants.com\/#\/schema\/logo\/image\/\"},\"sameAs\":[\"https:\/\/www.facebook.com\/bernarbernard\",\"https:\/\/www.instagram.com\/jf_jacobs\/\",\"https:\/\/www.tiktok.com\/@jf.jacobs\"]}]}<\/script>\n<!-- \/ Yoast SEO plugin. -->","yoast_head_json":{"title":"\u00c9crits and co - Les Terribles Enfants","robots":{"index":"index","follow":"follow","max-snippet":"max-snippet:-1","max-image-preview":"max-image-preview:large","max-video-preview":"max-video-preview:-1"},"canonical":"https:\/\/lesterriblesenfants.com\/?page_id=28","og_locale":"fr_FR","og_type":"article","og_title":"\u00c9crits and co - Les Terribles Enfants","og_description":"Un premier roman \u00ab\u00a0Mea Culpa\u00a0\u00bb qui n&rsquo;a pas trouv\u00e9 d&rsquo;\u00e9diteur, un second qui en a trouv\u00e9 un \u00ab\u00a0Quand le temps s&rsquo;arr\u00eate, rien ne change&#8230;\u00a0\u00bb, le troisi\u00e8me \u00e0 vu le jour en 2024 \u00ab\u00a0La vraie histoire de mohamED\u00a0\u00bb. Bient\u00f4t un roman sur Meslier, un livre d&rsquo;aphorismes et un bouquin sur la pratique sportive chez les jeunes&#8230; &hellip; Continuer la lecture de &laquo;&nbsp;\u00c9crits and co&nbsp;&raquo;","og_url":"https:\/\/lesterriblesenfants.com\/?page_id=28","og_site_name":"Les Terribles Enfants","article_publisher":"https:\/\/www.facebook.com\/bernarbernard","article_modified_time":"2026-01-16T03:24:49+00:00","og_image":[{"width":2560,"height":1920,"url":"https:\/\/lesterriblesenfants.com\/wp-content\/uploads\/2022\/12\/Collage-site-page-ecriture-scaled.jpg","type":"image\/jpeg"}],"twitter_card":"summary_large_image","twitter_misc":{"Dur\u00e9e de lecture estim\u00e9e":"1 minute"},"schema":{"@context":"https:\/\/schema.org","@graph":[{"@type":"WebPage","@id":"https:\/\/lesterriblesenfants.com\/?page_id=28","url":"https:\/\/lesterriblesenfants.com\/?page_id=28","name":"\u00c9crits and co - Les Terribles Enfants","isPartOf":{"@id":"https:\/\/lesterriblesenfants.com\/#website"},"primaryImageOfPage":{"@id":"https:\/\/lesterriblesenfants.com\/?page_id=28#primaryimage"},"image":{"@id":"https:\/\/lesterriblesenfants.com\/?page_id=28#primaryimage"},"thumbnailUrl":"https:\/\/lesterriblesenfants.com\/wp-content\/uploads\/2022\/12\/Collage-site-page-ecriture-scaled.jpg","datePublished":"2022-12-06T21:22:05+00:00","dateModified":"2026-01-16T03:24:49+00:00","breadcrumb":{"@id":"https:\/\/lesterriblesenfants.com\/?page_id=28#breadcrumb"},"inLanguage":"fr-FR","potentialAction":[{"@type":"ReadAction","target":["https:\/\/lesterriblesenfants.com\/?page_id=28"]}]},{"@type":"ImageObject","inLanguage":"fr-FR","@id":"https:\/\/lesterriblesenfants.com\/?page_id=28#primaryimage","url":"https:\/\/lesterriblesenfants.com\/wp-content\/uploads\/2022\/12\/Collage-site-page-ecriture-scaled.jpg","contentUrl":"https:\/\/lesterriblesenfants.com\/wp-content\/uploads\/2022\/12\/Collage-site-page-ecriture-scaled.jpg","width":2560,"height":1920},{"@type":"BreadcrumbList","@id":"https:\/\/lesterriblesenfants.com\/?page_id=28#breadcrumb","itemListElement":[{"@type":"ListItem","position":1,"name":"Accueil","item":"https:\/\/lesterriblesenfants.com\/"},{"@type":"ListItem","position":2,"name":"\u00c9crits and co"}]},{"@type":"WebSite","@id":"https:\/\/lesterriblesenfants.com\/#website","url":"https:\/\/lesterriblesenfants.com\/","name":"Les Terribles Enfants","description":"Jean-Fran\u00e7ois Jacobs - Auteur, metteur en sc\u00e8ne et artiste conceptuel.","publisher":{"@id":"https:\/\/lesterriblesenfants.com\/#organization"},"potentialAction":[{"@type":"SearchAction","target":{"@type":"EntryPoint","urlTemplate":"https:\/\/lesterriblesenfants.com\/?s={search_term_string}"},"query-input":{"@type":"PropertyValueSpecification","valueRequired":true,"valueName":"search_term_string"}}],"inLanguage":"fr-FR"},{"@type":"Organization","@id":"https:\/\/lesterriblesenfants.com\/#organization","name":"Les Terribles Enfants - Jean-Fran\u00e7ois Jacobs","url":"https:\/\/lesterriblesenfants.com\/","logo":{"@type":"ImageObject","inLanguage":"fr-FR","@id":"https:\/\/lesterriblesenfants.com\/#\/schema\/logo\/image\/","url":"https:\/\/lesterriblesenfants.com\/wp-content\/uploads\/2022\/12\/Logo-TE-orange-1.jpg","contentUrl":"https:\/\/lesterriblesenfants.com\/wp-content\/uploads\/2022\/12\/Logo-TE-orange-1.jpg","width":1890,"height":2382,"caption":"Les Terribles Enfants - Jean-Fran\u00e7ois Jacobs"},"image":{"@id":"https:\/\/lesterriblesenfants.com\/#\/schema\/logo\/image\/"},"sameAs":["https:\/\/www.facebook.com\/bernarbernard","https:\/\/www.instagram.com\/jf_jacobs\/","https:\/\/www.tiktok.com\/@jf.jacobs"]}]}},"_links":{"self":[{"href":"https:\/\/lesterriblesenfants.com\/index.php?rest_route=\/wp\/v2\/pages\/28","targetHints":{"allow":["GET"]}}],"collection":[{"href":"https:\/\/lesterriblesenfants.com\/index.php?rest_route=\/wp\/v2\/pages"}],"about":[{"href":"https:\/\/lesterriblesenfants.com\/index.php?rest_route=\/wp\/v2\/types\/page"}],"author":[{"embeddable":true,"href":"https:\/\/lesterriblesenfants.com\/index.php?rest_route=\/wp\/v2\/users\/1"}],"replies":[{"embeddable":true,"href":"https:\/\/lesterriblesenfants.com\/index.php?rest_route=%2Fwp%2Fv2%2Fcomments&post=28"}],"version-history":[{"count":9,"href":"https:\/\/lesterriblesenfants.com\/index.php?rest_route=\/wp\/v2\/pages\/28\/revisions"}],"predecessor-version":[{"id":170,"href":"https:\/\/lesterriblesenfants.com\/index.php?rest_route=\/wp\/v2\/pages\/28\/revisions\/170"}],"wp:featuredmedia":[{"embeddable":true,"href":"https:\/\/lesterriblesenfants.com\/index.php?rest_route=\/wp\/v2\/media\/97"}],"wp:attachment":[{"href":"https:\/\/lesterriblesenfants.com\/index.php?rest_route=%2Fwp%2Fv2%2Fmedia&parent=28"}],"curies":[{"name":"wp","href":"https:\/\/api.w.org\/{rel}","templated":true}]}}